{"id":66,"date":"2023-04-27T10:19:29","date_gmt":"2023-04-27T10:19:29","guid":{"rendered":"https:\/\/www.airporttransfersbuenosaires.com\/es\/?page_id=66"},"modified":"2025-05-23T10:30:38","modified_gmt":"2025-05-23T13:30:38","slug":"flota","status":"publish","type":"page","link":"https:\/\/www.airporttransfersbuenosaires.com\/es\/flota.htm","title":{"rendered":""},"content":{"rendered":"\n<div class=\"wp-block-cover alignfull is-light has-base-3-color has-text-color has-link-color wp-elements-edb572c2a41b0a1e0b7f78aa4ce7dadb wp-duotone-unset-1\" style=\"min-height:374px;aspect-ratio:unset;\"><img decoding=\"async\" class=\"wp-block-cover__image-background wp-image-2214\" alt=\"\" src=\"https:\/\/airporttransfersbuenosaires.com\/wp-content\/uploads\/2025\/03\/Buenos-Aires-Vehicle-Fleet-Airport-Transportation.webp\" style=\"object-position:48% 77%\" data-object-fit=\"cover\" data-object-position=\"48% 77%\"\/><span aria-hidden=\"true\" class=\"wp-block-cover__background has-contrast-background-color has-background-dim\"><\/span><div class=\"wp-block-cover__inner-container is-layout-constrained wp-block-cover-is-layout-constrained\">\n<h2 class=\"wp-block-heading has-text-align-center has-large-font-size\"><strong>Flota de veh\u00edculos @ Buenos Aires<\/strong><\/h2>\n<\/div><\/div>\n\n\n\n<p><\/p>\n\n\n\n<p class=\"has-medium-font-size\"><strong>Flota de veh\u00edculos @ Aeropuerto Buenos Aires:<\/strong> Trabajamos con una amplia flota de veh\u00edculos que satisface las necesidades las necesitados de todo tipo de clientes. Desde ejecutivos que viajan por negocios a grande grupos de turistas. Todas cuentan con aire acondicionado y una antig\u00fcedad promedio de 2 a\u00f1os. Conductores profesionales con un profundo conocimiento de la Ciudad de Buenos Aires y expertos en recibir viajeros internacionales que llegan a Argentina.<\/p>\n\n\n\n<hr class=\"wp-block-separator has-alpha-channel-opacity\"\/>\n\n\n\n<h2 class=\"wp-block-heading has-text-align-center\"><strong>Veh\u00edculos ejecutivos<\/strong><\/h2>\n\n\n\n<p class=\"has-medium-font-size\">Las capacidades de los veh\u00edculos se calculan en base a un equipaje m\u00e1ximo de 1 maleta (despechada\/23 kg) y un equipaje de mano (12kg) por pasajero. Si viaja con m\u00e1s equipaje, <a href=\"https:\/\/www.airporttransfersbuenosaires.com\/es\/contacto.htm\">cont\u00e1ctenos <\/a>para ayudarlo con la opci\u00f3n de veh\u00edculo m\u00e1s adecuada.<\/p>\n\n\n\n<div class=\"wp-block-columns is-layout-flex wp-container-core-columns-is-layout-9d6595d7 wp-block-columns-is-layout-flex\">\n<div class=\"wp-block-column is-layout-flow wp-block-column-is-layout-flow\">\n<figure class=\"wp-block-image size-full\"><img loading=\"lazy\" decoding=\"async\" width=\"800\" height=\"450\" src=\"https:\/\/www.airporttransfersbuenosaires.com\/es\/wp-content\/uploads\/2025\/05\/transfer-buenos-aires-sedan-2-pax-1.png\" alt=\"\" class=\"wp-image-875\" srcset=\"https:\/\/www.airporttransfersbuenosaires.com\/es\/wp-content\/uploads\/2025\/05\/transfer-buenos-aires-sedan-2-pax-1.png 800w, https:\/\/www.airporttransfersbuenosaires.com\/es\/wp-content\/uploads\/2025\/05\/transfer-buenos-aires-sedan-2-pax-1-300x169.png 300w, https:\/\/www.airporttransfersbuenosaires.com\/es\/wp-content\/uploads\/2025\/05\/transfer-buenos-aires-sedan-2-pax-1-768x432.png 768w\" sizes=\"auto, (max-width: 800px) 100vw, 800px\" \/><figcaption class=\"wp-element-caption\"><strong>SEDAN CAR, up to 2 pax<\/strong><\/figcaption><\/figure>\n<\/div>\n\n\n\n<div class=\"wp-block-column is-layout-flow wp-block-column-is-layout-flow\">\n<figure class=\"wp-block-image size-full\"><img loading=\"lazy\" decoding=\"async\" width=\"800\" height=\"450\" src=\"https:\/\/www.airporttransfersbuenosaires.com\/es\/wp-content\/uploads\/2025\/05\/transfer-buenos-aires-sedan-4-pax-2.png\" alt=\"\" class=\"wp-image-873\" srcset=\"https:\/\/www.airporttransfersbuenosaires.com\/es\/wp-content\/uploads\/2025\/05\/transfer-buenos-aires-sedan-4-pax-2.png 800w, https:\/\/www.airporttransfersbuenosaires.com\/es\/wp-content\/uploads\/2025\/05\/transfer-buenos-aires-sedan-4-pax-2-300x169.png 300w, https:\/\/www.airporttransfersbuenosaires.com\/es\/wp-content\/uploads\/2025\/05\/transfer-buenos-aires-sedan-4-pax-2-768x432.png 768w\" sizes=\"auto, (max-width: 800px) 100vw, 800px\" \/><figcaption class=\"wp-element-caption\"><strong>LARGE SEDAN, up to 4 pax<\/strong><\/figcaption><\/figure>\n<\/div>\n\n\n\n<div class=\"wp-block-column is-layout-flow wp-block-column-is-layout-flow\">\n<figure class=\"wp-block-image size-full\"><img loading=\"lazy\" decoding=\"async\" width=\"768\" height=\"432\" src=\"https:\/\/www.airporttransfersbuenosaires.com\/es\/wp-content\/uploads\/2025\/05\/transfer-buenos-aires-minivan-6-pax-3.png\" alt=\"\" class=\"wp-image-872\" srcset=\"https:\/\/www.airporttransfersbuenosaires.com\/es\/wp-content\/uploads\/2025\/05\/transfer-buenos-aires-minivan-6-pax-3.png 768w, https:\/\/www.airporttransfersbuenosaires.com\/es\/wp-content\/uploads\/2025\/05\/transfer-buenos-aires-minivan-6-pax-3-300x169.png 300w\" sizes=\"auto, (max-width: 768px) 100vw, 768px\" \/><figcaption class=\"wp-element-caption\"><strong>MINIVAN, up to 6 pax<\/strong><\/figcaption><\/figure>\n<\/div>\n<\/div>\n\n\n\n<div class=\"wp-block-columns is-layout-flex wp-container-core-columns-is-layout-9d6595d7 wp-block-columns-is-layout-flex\">\n<div class=\"wp-block-column is-layout-flow wp-block-column-is-layout-flow\">\n<figure class=\"wp-block-image size-full\"><img loading=\"lazy\" decoding=\"async\" width=\"768\" height=\"432\" src=\"https:\/\/www.airporttransfersbuenosaires.com\/es\/wp-content\/uploads\/2025\/05\/transfer-buenos-aires-VAN-10-pax-4.png\" alt=\"\" class=\"wp-image-871\" srcset=\"https:\/\/www.airporttransfersbuenosaires.com\/es\/wp-content\/uploads\/2025\/05\/transfer-buenos-aires-VAN-10-pax-4.png 768w, https:\/\/www.airporttransfersbuenosaires.com\/es\/wp-content\/uploads\/2025\/05\/transfer-buenos-aires-VAN-10-pax-4-300x169.png 300w\" sizes=\"auto, (max-width: 768px) 100vw, 768px\" \/><figcaption class=\"wp-element-caption\"><strong>VAN 10, up to 10 pax<\/strong><\/figcaption><\/figure>\n<\/div>\n\n\n\n<div class=\"wp-block-column is-layout-flow wp-block-column-is-layout-flow\">\n<figure class=\"wp-block-image size-full\"><img loading=\"lazy\" decoding=\"async\" width=\"768\" height=\"432\" src=\"https:\/\/www.airporttransfersbuenosaires.com\/es\/wp-content\/uploads\/2025\/05\/transfer-buenos-aires-minibus-14-pax-5.png\" alt=\"\" class=\"wp-image-870\" srcset=\"https:\/\/www.airporttransfersbuenosaires.com\/es\/wp-content\/uploads\/2025\/05\/transfer-buenos-aires-minibus-14-pax-5.png 768w, https:\/\/www.airporttransfersbuenosaires.com\/es\/wp-content\/uploads\/2025\/05\/transfer-buenos-aires-minibus-14-pax-5-300x169.png 300w\" sizes=\"auto, (max-width: 768px) 100vw, 768px\" \/><figcaption class=\"wp-element-caption\"><strong>MINIBUS, up to 14 pax<\/strong><\/figcaption><\/figure>\n<\/div>\n\n\n\n<div class=\"wp-block-column is-layout-flow wp-block-column-is-layout-flow\">\n<figure class=\"wp-block-image size-full\"><img loading=\"lazy\" decoding=\"async\" width=\"768\" height=\"432\" src=\"https:\/\/www.airporttransfersbuenosaires.com\/es\/wp-content\/uploads\/2025\/05\/transfer-buenos-aires-minibus-19-pax-6.png\" alt=\"\" class=\"wp-image-869\" srcset=\"https:\/\/www.airporttransfersbuenosaires.com\/es\/wp-content\/uploads\/2025\/05\/transfer-buenos-aires-minibus-19-pax-6.png 768w, https:\/\/www.airporttransfersbuenosaires.com\/es\/wp-content\/uploads\/2025\/05\/transfer-buenos-aires-minibus-19-pax-6-300x169.png 300w\" sizes=\"auto, (max-width: 768px) 100vw, 768px\" \/><figcaption class=\"wp-element-caption\"><strong>BUS, up to 19 pax<\/strong><\/figcaption><\/figure>\n<\/div>\n<\/div>\n\n\n\n<hr class=\"wp-block-separator has-alpha-channel-opacity\"\/>\n\n\n\n<h2 class=\"wp-block-heading has-text-align-center\"><strong>Veh\u00edculos VIP\/Lujo<\/strong><\/h2>\n\n\n\n<p class=\"has-medium-font-size\">Para clientes VIP podemos proporcionar veh\u00edculos de alta gama. Tenga en cuenta que la <a href=\"https:\/\/airporttransfersbuenosaires.com\/es\/mercedes-benz-aeropuerto-buenos-aires.htm\">flota de Mercedes Benz es limitada<\/a>. Sugerimos contactar a nuestro equipo con anticipaci\u00f3n para garantizar la disponibilidad.<\/p>\n\n\n\n<div class=\"wp-block-columns is-layout-flex wp-container-core-columns-is-layout-9d6595d7 wp-block-columns-is-layout-flex\">\n<div class=\"wp-block-column is-layout-flow wp-block-column-is-layout-flow\"><div class=\"wp-block-image\">\n<figure class=\"aligncenter size-full\"><img decoding=\"async\" src=\"https:\/\/airporttransfersbuenosaires.com\/pt\/wp-content\/uploads\/2024\/11\/transfers-mercedes.png\" alt=\"\" class=\"wp-image-870\"\/><figcaption class=\"wp-element-caption\"><strong>Mercedes E\/C Class<\/strong><\/figcaption><\/figure>\n<\/div><\/div>\n\n\n\n<div class=\"wp-block-column is-layout-flow wp-block-column-is-layout-flow\"><div class=\"wp-block-image\">\n<figure class=\"aligncenter size-full\"><img decoding=\"async\" src=\"https:\/\/airporttransfersbuenosaires.com\/wp-content\/uploads\/2024\/11\/9.png\" alt=\"\" class=\"wp-image-1684\"\/><figcaption class=\"wp-element-caption\"><strong>Mercedes V-Class<\/strong><\/figcaption><\/figure>\n<\/div><\/div>\n\n\n\n<div class=\"wp-block-column is-layout-flow wp-block-column-is-layout-flow\"><div class=\"wp-block-image\">\n<figure class=\"aligncenter size-full\"><img decoding=\"async\" src=\"https:\/\/airporttransfersbuenosaires.com\/wp-content\/uploads\/2024\/11\/10.png\" alt=\"\" class=\"wp-image-1685\"\/><figcaption class=\"wp-element-caption\"><strong>VAN&nbsp;Mercedes<\/strong><\/figcaption><\/figure>\n<\/div><\/div>\n<\/div>\n\n\n\n<hr class=\"wp-block-separator has-alpha-channel-opacity\"\/>\n\n\n\n<h2 class=\"wp-block-heading has-text-align-center\"><strong>Imagenes de Muestra<\/strong><\/h2>\n\n\n\n<p class=\"has-medium-font-size\">Estas son im\u00e1genes de muestra de algunas de las unidades que administramos en Buenos Aires. No podemos garantizar la disponibilidad de veh\u00edculos exactos debido al gran volumen de reservas.<\/p>\n\n\n\n<div class=\"wp-block-columns is-layout-flex wp-container-core-columns-is-layout-9d6595d7 wp-block-columns-is-layout-flex\">\n<div class=\"wp-block-column is-layout-flow wp-block-column-is-layout-flow\">\n<figure class=\"wp-block-image size-full\"><img decoding=\"async\" src=\"https:\/\/airporttransfersbuenosaires.com\/wp-content\/uploads\/2025\/05\/airport-transfers-buenos-aires-executive-768x576-1-1.png\" alt=\"\" class=\"wp-image-2732\"\/><\/figure>\n<\/div>\n\n\n\n<div class=\"wp-block-column is-layout-flow wp-block-column-is-layout-flow\">\n<figure class=\"wp-block-image size-full\"><img decoding=\"async\" src=\"https:\/\/airporttransfersbuenosaires.com\/wp-content\/uploads\/2025\/05\/airport-transfers-buenos-aires-minivan-768x576-2.png\" alt=\"\" class=\"wp-image-2731\"\/><\/figure>\n<\/div>\n\n\n\n<div class=\"wp-block-column is-layout-flow wp-block-column-is-layout-flow\">\n<figure class=\"wp-block-image size-full\"><img decoding=\"async\" src=\"https:\/\/airporttransfersbuenosaires.com\/wp-content\/uploads\/2025\/05\/sedan-1.png\" alt=\"\" class=\"wp-image-2730\"\/><\/figure>\n<\/div>\n<\/div>\n\n\n\n<div class=\"wp-block-columns is-layout-flex wp-container-core-columns-is-layout-9d6595d7 wp-block-columns-is-layout-flex\">\n<div class=\"wp-block-column is-layout-flow wp-block-column-is-layout-flow\">\n<figure class=\"wp-block-image size-full\"><img decoding=\"async\" src=\"https:\/\/airporttransfersbuenosaires.com\/wp-content\/uploads\/2025\/05\/sedan-1.1-2.png\" alt=\"\" class=\"wp-image-2737\"\/><\/figure>\n<\/div>\n\n\n\n<div class=\"wp-block-column is-layout-flow wp-block-column-is-layout-flow\">\n<figure class=\"wp-block-image size-full\"><img decoding=\"async\" src=\"https:\/\/airporttransfersbuenosaires.com\/wp-content\/uploads\/2025\/05\/VAN-1-1.png\" alt=\"\" class=\"wp-image-2735\"\/><\/figure>\n<\/div>\n\n\n\n<div class=\"wp-block-column is-layout-flow wp-block-column-is-layout-flow\">\n<figure class=\"wp-block-image size-full\"><img decoding=\"async\" src=\"https:\/\/airporttransfersbuenosaires.com\/wp-content\/uploads\/2025\/05\/9.png\" alt=\"\" class=\"wp-image-2736\"\/><\/figure>\n<\/div>\n<\/div>\n\n\n\n<hr class=\"wp-block-separator has-alpha-channel-opacity\"\/>\n\n\n\n<p>* <em><strong>Flota de veh\u00edculos @ Aeropuerto Buenos Aires:<\/strong> Todas las unidades son tercerizados y no son propiedad de Airport Transfers Buenos Aires. Los choferes y veh\u00edculos son administrados por empresas subcontratadas. La disponibilidad de algunas categor\u00edas podr\u00eda ser limitada.<\/em><\/p>\n","protected":false},"excerpt":{"rendered":"<p>Flota de veh\u00edculos @ Aeropuerto Buenos Aires: Trabajamos con una amplia flota de veh\u00edculos que satisface las necesidades las necesitados de todo tipo de clientes. Desde ejecutivos que viajan por negocios a grande grupos de turistas. Todas cuentan con aire acondicionado y una antig\u00fcedad promedio de 2 a\u00f1os. Conductores profesionales con un profundo conocimiento de &#8230; <a title=\"\" class=\"read-more\" href=\"https:\/\/www.airporttransfersbuenosaires.com\/es\/flota.htm\" aria-label=\"Leer m\u00e1s sobre \">Leer m\u00e1s<\/a><\/p>\n","protected":false},"author":1,"featured_media":0,"parent":0,"menu_order":0,"comment_status":"closed","ping_status":"closed","template":"","meta":{"footnotes":""},"class_list":["post-66","page","type-page","status-publish"],"yoast_head":"<!-- This site is optimized with the Yoast SEO plugin v27.5 - https:\/\/yoast.com\/product\/yoast-seo-wordpress\/ -->\n<title>Flota de veh\u00edculos Aeropuerto Buenos Aires - Sedan, SUV, Vans<\/title>\n<meta name=\"description\" content=\"Flota de veh\u00edculos Aeropuerto Buenos Aires. Sedan Ejecutivos, SUV, Minivans y Buses. VIP Mercedes Benz y Taxis. Choferes profesionales.\" \/>\n<meta name=\"robots\" content=\"index, follow, max-snippet:-1, max-image-preview:large, max-video-preview:-1\" \/>\n<link rel=\"canonical\" href=\"https:\/\/www.airporttransfersbuenosaires.com\/es\/flota.htm\" \/>\n<meta property=\"og:locale\" content=\"es_ES\" \/>\n<meta property=\"og:type\" content=\"article\" \/>\n<meta property=\"og:title\" content=\"Flota de veh\u00edculos Aeropuerto Buenos Aires - Sedan, SUV, Vans\" \/>\n<meta property=\"og:description\" content=\"Flota de veh\u00edculos Aeropuerto Buenos Aires. Sedan Ejecutivos, SUV, Minivans y Buses. VIP Mercedes Benz y Taxis. Choferes profesionales.\" \/>\n<meta property=\"og:url\" content=\"https:\/\/www.airporttransfersbuenosaires.com\/es\/flota.htm\" \/>\n<meta property=\"og:site_name\" content=\"Airport Transfers Buenos Aires\" \/>\n<meta property=\"article:modified_time\" content=\"2025-05-23T13:30:38+00:00\" \/>\n<meta name=\"twitter:card\" content=\"summary_large_image\" \/>\n<meta name=\"twitter:label1\" content=\"Tiempo de lectura\" \/>\n\t<meta name=\"twitter:data1\" content=\"5 minutos\" \/>\n<script type=\"application\/ld+json\" class=\"yoast-schema-graph\">{\"@context\":\"https:\\\/\\\/schema.org\",\"@graph\":[{\"@type\":\"WebPage\",\"@id\":\"https:\\\/\\\/www.airporttransfersbuenosaires.com\\\/es\\\/flota.htm\",\"url\":\"https:\\\/\\\/www.airporttransfersbuenosaires.com\\\/es\\\/flota.htm\",\"name\":\"Flota de veh\u00edculos Aeropuerto Buenos Aires - Sedan, SUV, Vans\",\"isPartOf\":{\"@id\":\"http:\\\/\\\/box2202.temp.domains\\\/~buenosa2\\\/airporttransfersbuenosaires\\\/es\\\/#website\"},\"primaryImageOfPage\":{\"@id\":\"https:\\\/\\\/www.airporttransfersbuenosaires.com\\\/es\\\/flota.htm#primaryimage\"},\"image\":{\"@id\":\"https:\\\/\\\/www.airporttransfersbuenosaires.com\\\/es\\\/flota.htm#primaryimage\"},\"thumbnailUrl\":\"https:\\\/\\\/airporttransfersbuenosaires.com\\\/wp-content\\\/uploads\\\/2025\\\/03\\\/Buenos-Aires-Vehicle-Fleet-Airport-Transportation.webp\",\"datePublished\":\"2023-04-27T10:19:29+00:00\",\"dateModified\":\"2025-05-23T13:30:38+00:00\",\"description\":\"Flota de veh\u00edculos Aeropuerto Buenos Aires. Sedan Ejecutivos, SUV, Minivans y Buses. VIP Mercedes Benz y Taxis. Choferes profesionales.\",\"inLanguage\":\"es\",\"potentialAction\":[{\"@type\":\"ReadAction\",\"target\":[\"https:\\\/\\\/www.airporttransfersbuenosaires.com\\\/es\\\/flota.htm\"]}]},{\"@type\":\"ImageObject\",\"inLanguage\":\"es\",\"@id\":\"https:\\\/\\\/www.airporttransfersbuenosaires.com\\\/es\\\/flota.htm#primaryimage\",\"url\":\"https:\\\/\\\/airporttransfersbuenosaires.com\\\/wp-content\\\/uploads\\\/2025\\\/03\\\/Buenos-Aires-Vehicle-Fleet-Airport-Transportation.webp\",\"contentUrl\":\"https:\\\/\\\/airporttransfersbuenosaires.com\\\/wp-content\\\/uploads\\\/2025\\\/03\\\/Buenos-Aires-Vehicle-Fleet-Airport-Transportation.webp\"},{\"@type\":\"WebSite\",\"@id\":\"http:\\\/\\\/box2202.temp.domains\\\/~buenosa2\\\/airporttransfersbuenosaires\\\/es\\\/#website\",\"url\":\"http:\\\/\\\/box2202.temp.domains\\\/~buenosa2\\\/airporttransfersbuenosaires\\\/es\\\/\",\"name\":\"Airport Transfers Buenos Aires\",\"description\":\"Traslados Aeropuerto en Buenos Aires\",\"publisher\":{\"@id\":\"http:\\\/\\\/box2202.temp.domains\\\/~buenosa2\\\/airporttransfersbuenosaires\\\/es\\\/#organization\"},\"potentialAction\":[{\"@type\":\"SearchAction\",\"target\":{\"@type\":\"EntryPoint\",\"urlTemplate\":\"http:\\\/\\\/box2202.temp.domains\\\/~buenosa2\\\/airporttransfersbuenosaires\\\/es\\\/?s={search_term_string}\"},\"query-input\":{\"@type\":\"PropertyValueSpecification\",\"valueRequired\":true,\"valueName\":\"search_term_string\"}}],\"inLanguage\":\"es\"},{\"@type\":\"Organization\",\"@id\":\"http:\\\/\\\/box2202.temp.domains\\\/~buenosa2\\\/airporttransfersbuenosaires\\\/es\\\/#organization\",\"name\":\"Airport Transfers Buenos Aires\",\"url\":\"http:\\\/\\\/box2202.temp.domains\\\/~buenosa2\\\/airporttransfersbuenosaires\\\/es\\\/\",\"logo\":{\"@type\":\"ImageObject\",\"inLanguage\":\"es\",\"@id\":\"http:\\\/\\\/box2202.temp.domains\\\/~buenosa2\\\/airporttransfersbuenosaires\\\/es\\\/#\\\/schema\\\/logo\\\/image\\\/\",\"url\":\"https:\\\/\\\/www.airporttransfersbuenosaires.com\\\/es\\\/wp-content\\\/uploads\\\/2025\\\/06\\\/cropped-airport-transfers-buenos-aires-logo-black.jpg\",\"contentUrl\":\"https:\\\/\\\/www.airporttransfersbuenosaires.com\\\/es\\\/wp-content\\\/uploads\\\/2025\\\/06\\\/cropped-airport-transfers-buenos-aires-logo-black.jpg\",\"width\":1078,\"height\":341,\"caption\":\"Airport Transfers Buenos Aires\"},\"image\":{\"@id\":\"http:\\\/\\\/box2202.temp.domains\\\/~buenosa2\\\/airporttransfersbuenosaires\\\/es\\\/#\\\/schema\\\/logo\\\/image\\\/\"}}]}<\/script>\n<!-- \/ Yoast SEO plugin. -->","yoast_head_json":{"title":"Flota de veh\u00edculos Aeropuerto Buenos Aires - Sedan, SUV, Vans","description":"Flota de veh\u00edculos Aeropuerto Buenos Aires. Sedan Ejecutivos, SUV, Minivans y Buses. VIP Mercedes Benz y Taxis. Choferes profesionales.","robots":{"index":"index","follow":"follow","max-snippet":"max-snippet:-1","max-image-preview":"max-image-preview:large","max-video-preview":"max-video-preview:-1"},"canonical":"https:\/\/www.airporttransfersbuenosaires.com\/es\/flota.htm","og_locale":"es_ES","og_type":"article","og_title":"Flota de veh\u00edculos Aeropuerto Buenos Aires - Sedan, SUV, Vans","og_description":"Flota de veh\u00edculos Aeropuerto Buenos Aires. Sedan Ejecutivos, SUV, Minivans y Buses. VIP Mercedes Benz y Taxis. Choferes profesionales.","og_url":"https:\/\/www.airporttransfersbuenosaires.com\/es\/flota.htm","og_site_name":"Airport Transfers Buenos Aires","article_modified_time":"2025-05-23T13:30:38+00:00","twitter_card":"summary_large_image","twitter_misc":{"Tiempo de lectura":"5 minutos"},"schema":{"@context":"https:\/\/schema.org","@graph":[{"@type":"WebPage","@id":"https:\/\/www.airporttransfersbuenosaires.com\/es\/flota.htm","url":"https:\/\/www.airporttransfersbuenosaires.com\/es\/flota.htm","name":"Flota de veh\u00edculos Aeropuerto Buenos Aires - Sedan, SUV, Vans","isPartOf":{"@id":"http:\/\/box2202.temp.domains\/~buenosa2\/airporttransfersbuenosaires\/es\/#website"},"primaryImageOfPage":{"@id":"https:\/\/www.airporttransfersbuenosaires.com\/es\/flota.htm#primaryimage"},"image":{"@id":"https:\/\/www.airporttransfersbuenosaires.com\/es\/flota.htm#primaryimage"},"thumbnailUrl":"https:\/\/airporttransfersbuenosaires.com\/wp-content\/uploads\/2025\/03\/Buenos-Aires-Vehicle-Fleet-Airport-Transportation.webp","datePublished":"2023-04-27T10:19:29+00:00","dateModified":"2025-05-23T13:30:38+00:00","description":"Flota de veh\u00edculos Aeropuerto Buenos Aires. Sedan Ejecutivos, SUV, Minivans y Buses. VIP Mercedes Benz y Taxis. Choferes profesionales.","inLanguage":"es","potentialAction":[{"@type":"ReadAction","target":["https:\/\/www.airporttransfersbuenosaires.com\/es\/flota.htm"]}]},{"@type":"ImageObject","inLanguage":"es","@id":"https:\/\/www.airporttransfersbuenosaires.com\/es\/flota.htm#primaryimage","url":"https:\/\/airporttransfersbuenosaires.com\/wp-content\/uploads\/2025\/03\/Buenos-Aires-Vehicle-Fleet-Airport-Transportation.webp","contentUrl":"https:\/\/airporttransfersbuenosaires.com\/wp-content\/uploads\/2025\/03\/Buenos-Aires-Vehicle-Fleet-Airport-Transportation.webp"},{"@type":"WebSite","@id":"http:\/\/box2202.temp.domains\/~buenosa2\/airporttransfersbuenosaires\/es\/#website","url":"http:\/\/box2202.temp.domains\/~buenosa2\/airporttransfersbuenosaires\/es\/","name":"Airport Transfers Buenos Aires","description":"Traslados Aeropuerto en Buenos Aires","publisher":{"@id":"http:\/\/box2202.temp.domains\/~buenosa2\/airporttransfersbuenosaires\/es\/#organization"},"potentialAction":[{"@type":"SearchAction","target":{"@type":"EntryPoint","urlTemplate":"http:\/\/box2202.temp.domains\/~buenosa2\/airporttransfersbuenosaires\/es\/?s={search_term_string}"},"query-input":{"@type":"PropertyValueSpecification","valueRequired":true,"valueName":"search_term_string"}}],"inLanguage":"es"},{"@type":"Organization","@id":"http:\/\/box2202.temp.domains\/~buenosa2\/airporttransfersbuenosaires\/es\/#organization","name":"Airport Transfers Buenos Aires","url":"http:\/\/box2202.temp.domains\/~buenosa2\/airporttransfersbuenosaires\/es\/","logo":{"@type":"ImageObject","inLanguage":"es","@id":"http:\/\/box2202.temp.domains\/~buenosa2\/airporttransfersbuenosaires\/es\/#\/schema\/logo\/image\/","url":"https:\/\/www.airporttransfersbuenosaires.com\/es\/wp-content\/uploads\/2025\/06\/cropped-airport-transfers-buenos-aires-logo-black.jpg","contentUrl":"https:\/\/www.airporttransfersbuenosaires.com\/es\/wp-content\/uploads\/2025\/06\/cropped-airport-transfers-buenos-aires-logo-black.jpg","width":1078,"height":341,"caption":"Airport Transfers Buenos Aires"},"image":{"@id":"http:\/\/box2202.temp.domains\/~buenosa2\/airporttransfersbuenosaires\/es\/#\/schema\/logo\/image\/"}}]}},"_links":{"self":[{"href":"https:\/\/www.airporttransfersbuenosaires.com\/es\/wp-json\/wp\/v2\/pages\/66","targetHints":{"allow":["GET"]}}],"collection":[{"href":"https:\/\/www.airporttransfersbuenosaires.com\/es\/wp-json\/wp\/v2\/pages"}],"about":[{"href":"https:\/\/www.airporttransfersbuenosaires.com\/es\/wp-json\/wp\/v2\/types\/page"}],"author":[{"embeddable":true,"href":"https:\/\/www.airporttransfersbuenosaires.com\/es\/wp-json\/wp\/v2\/users\/1"}],"replies":[{"embeddable":true,"href":"https:\/\/www.airporttransfersbuenosaires.com\/es\/wp-json\/wp\/v2\/comments?post=66"}],"version-history":[{"count":13,"href":"https:\/\/www.airporttransfersbuenosaires.com\/es\/wp-json\/wp\/v2\/pages\/66\/revisions"}],"predecessor-version":[{"id":878,"href":"https:\/\/www.airporttransfersbuenosaires.com\/es\/wp-json\/wp\/v2\/pages\/66\/revisions\/878"}],"wp:attachment":[{"href":"https:\/\/www.airporttransfersbuenosaires.com\/es\/wp-json\/wp\/v2\/media?parent=66"}],"curies":[{"name":"wp","href":"https:\/\/api.w.org\/{rel}","templated":true}]}}